{"id":2785,"date":"2024-01-25T17:02:46","date_gmt":"2024-01-25T16:02:46","guid":{"rendered":"https:\/\/europanova.eu\/?page_id=2785"},"modified":"2024-01-29T11:13:22","modified_gmt":"2024-01-29T10:13:22","slug":"la-semaine-de-leurope","status":"publish","type":"page","link":"https:\/\/europanova.eu\/en\/la-semaine-de-leurope\/","title":{"rendered":"La Semaine de l&rsquo;Europe"},"content":{"rendered":"<div class=\"wp-block-group has-global-padding is-layout-constrained wp-block-group-is-layout-constrained\">\n<p class=\"wp-block-paragraph\"><p style=\"text-align: justify;\">Dans le cadre de son 20e anniversaire, EuropaNova a organis\u00e9 la \u00ab Semaine de l\u2019Europe \u00bb, un \u00e9v\u00e9nement europ\u00e9en exceptionnel et public, ouvert \u00e0 tous. Cet \u00e9v\u00e9nement s&rsquo;est tenu du lundi 27 mars au vendredi 31 mars 2023, au 79 avenue de la R\u00e9publique \u00e0 Paris, chaque jour de 18h \u00e0 19h30. Il a propos\u00e9 une s\u00e9rie in\u00e9dite de conf\u00e9rences interrogeant \u00ab La Fiert\u00e9 Europ\u00e9enne \u00bb, inspir\u00e9e du livre de notre pr\u00e9sident fondateur, Guillaume Klossa, en partenariat avec l\u2019association \u00e9tudiante de l\u2019ESCP, \u00ab Tribunes \u00bb.<\/p><\/p>\n\n\n\n<p class=\"wp-block-paragraph\"><p style=\"text-align: justify;\">Les 5 d\u00e9bats, incluant un moment d\u00e9di\u00e9 aux questions et r\u00e9ponses, ont \u00e9t\u00e9 diffus\u00e9s en direct dans 5 campus \u00e9tudiants europ\u00e9ens : Londres, Berlin, Madrid, Varsovie et Turin.<\/p><\/p>\n\n\n\n<figure class=\"wp-block-image size-large\"><img data-recalc-dims=\"1\" loading=\"lazy\" decoding=\"async\" width=\"1600\" height=\"900\" data-attachment-id=\"216\" data-permalink=\"https:\/\/europanova.eu\/en\/whatsapp-image-2023-03-18-at-12-05-23\/\" data-orig-file=\"https:\/\/i0.wp.com\/europanova.eu\/wp-content\/uploads\/2023\/05\/whatsapp-image-2023-03-18-at-12.05.23.jpeg?fit=1600%2C900&amp;ssl=1\" data-orig-size=\"1600,900\" data-comments-opened=\"1\" data-image-meta=\"{&quot;aperture&quot;:&quot;0&quot;,&quot;credit&quot;:&quot;&quot;,&quot;camera&quot;:&quot;&quot;,&quot;caption&quot;:&quot;&quot;,&quot;created_timestamp&quot;:&quot;0&quot;,&quot;copyright&quot;:&quot;&quot;,&quot;focal_length&quot;:&quot;0&quot;,&quot;iso&quot;:&quot;0&quot;,&quot;shutter_speed&quot;:&quot;0&quot;,&quot;title&quot;:&quot;&quot;,&quot;orientation&quot;:&quot;0&quot;}\" data-image-title=\"whatsapp-image-2023-03-18-at-12.05.23\" data-image-description=\"\" data-image-caption=\"\" data-large-file=\"https:\/\/i0.wp.com\/europanova.eu\/wp-content\/uploads\/2023\/05\/whatsapp-image-2023-03-18-at-12.05.23.jpeg?fit=1024%2C576&amp;ssl=1\" src=\"https:\/\/i0.wp.com\/europanova.eu\/wp-content\/uploads\/2023\/05\/whatsapp-image-2023-03-18-at-12.05.23.jpeg?resize=1600%2C900&#038;ssl=1\" alt=\"\" class=\"wp-image-216\"\/><\/figure>\n\n\n\n<p class=\"wp-block-paragraph\"><p style=\"text-align: justify;\">Notre premier d\u00e9bat public, men\u00e9 en anglais, a port\u00e9 sur la civilisation europ\u00e9enne avec des invit\u00e9s inspirants : la Ministre de la Culture Rima Abdul Malak, l&rsquo;ex-Ministre des affaires europ\u00e9ennes de l&rsquo;Espagne, Arancha Gonzalez, le directeur du programme de la future capitale de la culture europ\u00e9enne en Slov\u00e9nie et ex-Ministre de la Culture, Stojan Pelko, la directrice italienne du Women&rsquo;s Forum, Chiara Corazza, la philosophe C\u00e9line Spector et l&rsquo;auteur de \u00ab Fiert\u00e9 europ\u00e9enne \u00bb, Guillaume Klossa.<\/p><\/p>\n\n\n\n\t\t<figure class=\"wp-block-jetpack-videopress jetpack-videopress-player\" style=\"\" >\n\t\t\t<div class=\"jetpack-videopress-player__wrapper\"> <iframe title=\"VideoPress Video Player\" aria-label='VideoPress Video Player' width='421' height='750' src='https:\/\/videopress.com\/embed\/lPYzSXKI?cover=1&amp;autoPlay=0&amp;controls=1&amp;loop=0&amp;muted=0&amp;persistVolume=1&amp;playsinline=0&amp;preloadContent=metadata&amp;useAverageColor=1&amp;hd=0' frameborder='0' allowfullscreen data-resize-to-parent=\"true\" allow='clipboard-write'><\/iframe><script src='https:\/\/v0.wordpress.com\/js\/next\/videopress-iframe.js?m=1674852142'><\/script><\/div>\n\t\t\t\n\t\t\t\n\t\t<\/figure>\n\t\t\n\n\n<hr class=\"wp-block-separator has-alpha-channel-opacity\"\/>\n\n\n\n<figure class=\"wp-block-image size-large\"><img data-recalc-dims=\"1\" loading=\"lazy\" decoding=\"async\" width=\"1600\" height=\"900\" data-attachment-id=\"217\" data-permalink=\"https:\/\/europanova.eu\/en\/mardi-democratie\/\" data-orig-file=\"https:\/\/i0.wp.com\/europanova.eu\/wp-content\/uploads\/2023\/05\/mardi-democratie.jpg?fit=1600%2C900&amp;ssl=1\" data-orig-size=\"1600,900\" data-comments-opened=\"1\" data-image-meta=\"{&quot;aperture&quot;:&quot;0&quot;,&quot;credit&quot;:&quot;&quot;,&quot;camera&quot;:&quot;&quot;,&quot;caption&quot;:&quot;&quot;,&quot;created_timestamp&quot;:&quot;0&quot;,&quot;copyright&quot;:&quot;&quot;,&quot;focal_length&quot;:&quot;0&quot;,&quot;iso&quot;:&quot;0&quot;,&quot;shutter_speed&quot;:&quot;0&quot;,&quot;title&quot;:&quot;&quot;,&quot;orientation&quot;:&quot;0&quot;}\" data-image-title=\"mardi-democratie\" data-image-description=\"\" data-image-caption=\"\" data-large-file=\"https:\/\/i0.wp.com\/europanova.eu\/wp-content\/uploads\/2023\/05\/mardi-democratie.jpg?fit=1024%2C576&amp;ssl=1\" src=\"https:\/\/i0.wp.com\/europanova.eu\/wp-content\/uploads\/2023\/05\/mardi-democratie.jpg?resize=1600%2C900&#038;ssl=1\" alt=\"\" class=\"wp-image-217\"\/><\/figure>\n\n\n\n<p class=\"wp-block-paragraph\"><p style=\"text-align: justify;\">Le deuxi\u00e8me d\u00e9bat public, \u00e9galement en anglais, a abord\u00e9 la d\u00e9mocratie europ\u00e9enne. Dans un monde o\u00f9 la d\u00e9mocratie europ\u00e9enne est mise au d\u00e9fi par des r\u00e9gimes autoritaires et antid\u00e9mocratiques, nous avons jug\u00e9 n\u00e9cessaire de r\u00e9interroger notre mod\u00e8le d\u00e9mocratique. Des intervenants de renom ont notamment d\u00e9battu du \u00ab pouvoir \u00bb et du \u00ab contre-pouvoir \u00bb, tels que la directrice du Monde diplomatique et professeur Anne-Cecile Robert, Claire Boussagol, l&rsquo;ex-CEO de Politico Europe, le professeur italien Alberto Alemanno, Thomas Gomart, directeur de l&rsquo;IFRI, ou encore Pierre Buhler, diplomate.<\/p><\/p>\n\n\n\n<hr class=\"wp-block-separator has-alpha-channel-opacity\"\/>\n\n\n\n<figure class=\"wp-block-image size-large\"><img data-recalc-dims=\"1\" loading=\"lazy\" decoding=\"async\" width=\"1600\" height=\"900\" data-attachment-id=\"218\" data-permalink=\"https:\/\/europanova.eu\/en\/mercredi-ecologie\/\" data-orig-file=\"https:\/\/i0.wp.com\/europanova.eu\/wp-content\/uploads\/2023\/05\/mercredi-ecologie-.jpg?fit=1600%2C900&amp;ssl=1\" data-orig-size=\"1600,900\" data-comments-opened=\"1\" data-image-meta=\"{&quot;aperture&quot;:&quot;0&quot;,&quot;credit&quot;:&quot;&quot;,&quot;camera&quot;:&quot;&quot;,&quot;caption&quot;:&quot;&quot;,&quot;created_timestamp&quot;:&quot;0&quot;,&quot;copyright&quot;:&quot;&quot;,&quot;focal_length&quot;:&quot;0&quot;,&quot;iso&quot;:&quot;0&quot;,&quot;shutter_speed&quot;:&quot;0&quot;,&quot;title&quot;:&quot;&quot;,&quot;orientation&quot;:&quot;0&quot;}\" data-image-title=\"mercredi-ecologie-\" data-image-description=\"\" data-image-caption=\"\" data-large-file=\"https:\/\/i0.wp.com\/europanova.eu\/wp-content\/uploads\/2023\/05\/mercredi-ecologie-.jpg?fit=1024%2C576&amp;ssl=1\" src=\"https:\/\/i0.wp.com\/europanova.eu\/wp-content\/uploads\/2023\/05\/mercredi-ecologie-.jpg?resize=1600%2C900&#038;ssl=1\" alt=\"\" class=\"wp-image-218\"\/><\/figure>\n\n\n\n<p class=\"wp-block-paragraph\"><p style=\"text-align: justify;\">Le troisi\u00e8me d\u00e9bat public a port\u00e9 sur l&rsquo;\u00e9cologie, une pr\u00e9occupation majeure des jeunes europ\u00e9ens. Cl\u00e9ment Beaune, le Ministre des Transports, a abord\u00e9 les enjeux de la d\u00e9carbonation des transports. D&rsquo;autres intervenants de marque ont explor\u00e9 les solutions d&rsquo;avenir et les leviers d&rsquo;action environnementaux : Brune Poirson, Directrice du d\u00e9veloppement durable du groupe Accor, Karima Delli, d\u00e9put\u00e9e europ\u00e9enne, Rapha\u00ebl Boroumand, \u00e9conomiste, et M\u00e9lanie Vogel, s\u00e9natrice des Fran\u00e7ais de l&rsquo;\u00e9tranger.<\/p><\/p>\n\n\n\n\t\t<figure class=\"wp-block-jetpack-videopress jetpack-videopress-player\" style=\"\" >\n\t\t\t<div class=\"jetpack-videopress-player__wrapper\"> <iframe title=\"VideoPress Video Player\" aria-label='VideoPress Video Player' width='424' height='750' src='https:\/\/videopress.com\/embed\/vX5jcVyc?cover=1&amp;autoPlay=0&amp;controls=1&amp;loop=0&amp;muted=0&amp;persistVolume=1&amp;playsinline=0&amp;preloadContent=metadata&amp;useAverageColor=1&amp;hd=0' frameborder='0' allowfullscreen data-resize-to-parent=\"true\" allow='clipboard-write'><\/iframe><script src='https:\/\/v0.wordpress.com\/js\/next\/videopress-iframe.js?m=1674852142'><\/script><\/div>\n\t\t\t\n\t\t\t\n\t\t<\/figure>\n\t\t\n\n\n<hr class=\"wp-block-separator has-alpha-channel-opacity\"\/>\n\n\n\n<figure class=\"wp-block-image size-large\"><img data-recalc-dims=\"1\" loading=\"lazy\" decoding=\"async\" width=\"1600\" height=\"900\" data-attachment-id=\"219\" data-permalink=\"https:\/\/europanova.eu\/en\/jeudi-numerique\/\" data-orig-file=\"https:\/\/i0.wp.com\/europanova.eu\/wp-content\/uploads\/2023\/05\/jeudi-numerique.jpg?fit=1600%2C900&amp;ssl=1\" data-orig-size=\"1600,900\" data-comments-opened=\"1\" data-image-meta=\"{&quot;aperture&quot;:&quot;0&quot;,&quot;credit&quot;:&quot;&quot;,&quot;camera&quot;:&quot;&quot;,&quot;caption&quot;:&quot;&quot;,&quot;created_timestamp&quot;:&quot;0&quot;,&quot;copyright&quot;:&quot;&quot;,&quot;focal_length&quot;:&quot;0&quot;,&quot;iso&quot;:&quot;0&quot;,&quot;shutter_speed&quot;:&quot;0&quot;,&quot;title&quot;:&quot;&quot;,&quot;orientation&quot;:&quot;0&quot;}\" data-image-title=\"jeudi-numerique\" data-image-description=\"\" data-image-caption=\"\" data-large-file=\"https:\/\/i0.wp.com\/europanova.eu\/wp-content\/uploads\/2023\/05\/jeudi-numerique.jpg?fit=1024%2C576&amp;ssl=1\" src=\"https:\/\/i0.wp.com\/europanova.eu\/wp-content\/uploads\/2023\/05\/jeudi-numerique.jpg?resize=1600%2C900&#038;ssl=1\" alt=\"\" class=\"wp-image-219\"\/><\/figure>\n\n\n\n<p class=\"wp-block-paragraph\"><p style=\"text-align: justify;\">La quatri\u00e8me conf\u00e9rence a trait\u00e9 de l&rsquo;\u00e9conomie du num\u00e9rique en Europe. Elle a r\u00e9uni divers intervenants qui agissent quotidiennement en Europe dans ce domaine plein d&rsquo;espoirs : Pierre Louette, PDG du groupe Les Echos\/Le Parisien, Sophie Javary, dirigeante \u00e0 la BNP Paribas, C\u00e9dric \u00d4, ex-Ministre du Num\u00e9rique, Carme Colomina-Salo, chercheuse italienne, Julien Nocetti, chercheur \u00e0 l&rsquo;IFRI, et St\u00e9phane Distinguin, entrepreneur.<\/p><\/p>\n\n\n\n\t\t<figure class=\"wp-block-jetpack-videopress jetpack-videopress-player\" style=\"\" >\n\t\t\t<div class=\"jetpack-videopress-player__wrapper\"> <iframe title=\"VideoPress Video Player\" aria-label='VideoPress Video Player' width='424' height='750' src='https:\/\/videopress.com\/embed\/CnCmxtZe?cover=1&amp;autoPlay=0&amp;controls=1&amp;loop=0&amp;muted=0&amp;persistVolume=1&amp;playsinline=0&amp;preloadContent=metadata&amp;useAverageColor=1&amp;hd=0' frameborder='0' allowfullscreen data-resize-to-parent=\"true\" allow='clipboard-write'><\/iframe><script src='https:\/\/v0.wordpress.com\/js\/next\/videopress-iframe.js?m=1674852142'><\/script><\/div>\n\t\t\t<figcaption><\/figcaption>\n\t\t\t\n\t\t<\/figure>\n\t\t\n\n\n<hr class=\"wp-block-separator has-alpha-channel-opacity\"\/>\n\n\n\n<figure class=\"wp-block-image size-large\"><img data-recalc-dims=\"1\" loading=\"lazy\" decoding=\"async\" width=\"1600\" height=\"900\" data-attachment-id=\"220\" data-permalink=\"https:\/\/europanova.eu\/en\/vendredi-2050\/\" data-orig-file=\"https:\/\/i0.wp.com\/europanova.eu\/wp-content\/uploads\/2023\/05\/vendredi-2050.jpg?fit=1600%2C900&amp;ssl=1\" data-orig-size=\"1600,900\" data-comments-opened=\"1\" data-image-meta=\"{&quot;aperture&quot;:&quot;0&quot;,&quot;credit&quot;:&quot;&quot;,&quot;camera&quot;:&quot;&quot;,&quot;caption&quot;:&quot;&quot;,&quot;created_timestamp&quot;:&quot;0&quot;,&quot;copyright&quot;:&quot;&quot;,&quot;focal_length&quot;:&quot;0&quot;,&quot;iso&quot;:&quot;0&quot;,&quot;shutter_speed&quot;:&quot;0&quot;,&quot;title&quot;:&quot;&quot;,&quot;orientation&quot;:&quot;0&quot;}\" data-image-title=\"vendredi-2050\" data-image-description=\"\" data-image-caption=\"\" data-large-file=\"https:\/\/i0.wp.com\/europanova.eu\/wp-content\/uploads\/2023\/05\/vendredi-2050.jpg?fit=1024%2C576&amp;ssl=1\" src=\"https:\/\/i0.wp.com\/europanova.eu\/wp-content\/uploads\/2023\/05\/vendredi-2050.jpg?resize=1600%2C900&#038;ssl=1\" alt=\"\" class=\"wp-image-220\"\/><\/figure>\n\n\n\n<p class=\"wp-block-paragraph\"><p style=\"text-align: justify;\">La cinqui\u00e8me et derni\u00e8re conf\u00e9rence de cette semaine europ\u00e9enne a interrog\u00e9 l&rsquo;avenir de l&rsquo;Europe, co\u00efncidant avec la fin du mandat de l&rsquo;actuelle Commission europ\u00e9enne. Elle a tent\u00e9 de d\u00e9finir les visions et les priorit\u00e9s futures dans une perspective pour 2050. L&rsquo;Europe, ayant souvent \u00e9volu\u00e9 \u00e0 travers une s\u00e9rie de crises, a vu ce moment comme une opportunit\u00e9 de r\u00e9fl\u00e9chir sereinement au projet europ\u00e9en et d&rsquo;interroger la pluralit\u00e9 des opinions des citoyens et des dirigeants. Ces \u00e9changes sur l&rsquo;horizon europ\u00e9en ont impliqu\u00e9 Valerie Hayer, Pr\u00e9sidente de \u00ab L\u2019Europe Ensemble \u00bb au Parlement europ\u00e9en, Jean-Pierre Raffarin, l\u2019ex-Premier Ministre et ex-d\u00e9put\u00e9 europ\u00e9en, Michel Barnier, ex-N\u00e9gociateur de l&rsquo;UE pour le Brexit, Guillaume Klossa, auteur de \u00ab Fiert\u00e9 europ\u00e9enne \u00bb et Pr\u00e9sident fondateur du think tank Europanova, ainsi que Denis Simonneau, Pr\u00e9sident d\u2019EuropaNova.<\/p><\/p>\n\n\n\n\t\t<figure class=\"wp-block-jetpack-videopress jetpack-videopress-player\" style=\"\" >\n\t\t\t<div class=\"jetpack-videopress-player__wrapper\"> <iframe title=\"VideoPress Video Player\" aria-label='VideoPress Video Player' width='424' height='750' src='https:\/\/videopress.com\/embed\/pXMDUlXo?cover=1&amp;autoPlay=0&amp;controls=1&amp;loop=0&amp;muted=0&amp;persistVolume=1&amp;playsinline=0&amp;preloadContent=metadata&amp;useAverageColor=1&amp;hd=0' frameborder='0' allowfullscreen data-resize-to-parent=\"true\" allow='clipboard-write'><\/iframe><script src='https:\/\/v0.wordpress.com\/js\/next\/videopress-iframe.js?m=1674852142'><\/script><\/div>\n\t\t\t\n\t\t\t\n\t\t<\/figure>\n\t\t\n\n\n<p class=\"wp-block-paragraph\">&nbsp;<\/p>\n<\/div>","protected":false},"excerpt":{"rendered":"<p>Dans le cadre de son 20e anniversaire, EuropaNova a organis\u00e9 la \u00ab Semaine de l\u2019Europe \u00bb, un \u00e9v\u00e9nement europ\u00e9en exceptionnel et public, ouvert \u00e0 tous. Cet \u00e9v\u00e9nement s&rsquo;est tenu du lundi 27 mars au vendredi 31 mars 2023, au 79 avenue de la R\u00e9publique \u00e0 Paris, chaque jour de 18h \u00e0 19h30. Il a propos\u00e9 [&hellip;]<\/p>\n","protected":false},"author":234807144,"featured_media":0,"parent":0,"menu_order":4,"comment_status":"closed","ping_status":"closed","template":"","meta":{"_crdt_document":"","advanced_seo_description":"","jetpack_seo_html_title":"","jetpack_seo_noindex":false,"footnotes":""},"class_list":["post-2785","page","type-page","status-publish","hentry"],"jetpack_likes_enabled":true,"jetpack_sharing_enabled":true,"jetpack_shortlink":"https:\/\/wp.me\/PeMWIh-IV","_links":{"self":[{"href":"https:\/\/europanova.eu\/en\/wp-json\/wp\/v2\/pages\/2785","targetHints":{"allow":["GET"]}}],"collection":[{"href":"https:\/\/europanova.eu\/en\/wp-json\/wp\/v2\/pages"}],"about":[{"href":"https:\/\/europanova.eu\/en\/wp-json\/wp\/v2\/types\/page"}],"author":[{"embeddable":true,"href":"https:\/\/europanova.eu\/en\/wp-json\/wp\/v2\/users\/234807144"}],"replies":[{"embeddable":true,"href":"https:\/\/europanova.eu\/en\/wp-json\/wp\/v2\/comments?post=2785"}],"version-history":[{"count":7,"href":"https:\/\/europanova.eu\/en\/wp-json\/wp\/v2\/pages\/2785\/revisions"}],"predecessor-version":[{"id":2868,"href":"https:\/\/europanova.eu\/en\/wp-json\/wp\/v2\/pages\/2785\/revisions\/2868"}],"wp:attachment":[{"href":"https:\/\/europanova.eu\/en\/wp-json\/wp\/v2\/media?parent=2785"}],"curies":[{"name":"wp","href":"https:\/\/api.w.org\/{rel}","templated":true}]}}